{"id":690,"date":"2021-03-12T10:11:36","date_gmt":"2021-03-12T10:11:36","guid":{"rendered":"https:\/\/wordpress.glaserei-jonny-mueller.de\/?page_id=690"},"modified":"2021-03-25T08:56:57","modified_gmt":"2021-03-25T08:56:57","slug":"dachflaechenfenster","status":"publish","type":"page","link":"https:\/\/glaserei-jonny-mueller.de\/?page_id=690","title":{"rendered":"Dachfl\u00e4chenfenster"},"content":{"rendered":"<h1>Dachfl\u00e4chenfenster<\/h1>\n<p>Behagliche Atmosph\u00e4re und ein besonderes Licht \u2026.wir sind Ihre kompetenten Ansprechpartner in Sachen Dachfenster aus Glas.<\/p>\n<p>Wir arbeiten seit Jahren vertrauensvoll mit der Firma <strong><a href=\"https:\/\/www.veluxshop.de\" target=\"_blank\" rel=\"noopener\">VELUX<\/a><\/strong> zusammen.<\/p>\n<p><img loading=\"lazy\" decoding=\"async\" class=\"alignnone size-full wp-image-745\" src=\"https:\/\/glaserei-jonny-mueller.de\/wp-content\/uploads\/2021\/03\/AdobeStock_227916292-scaled.jpeg\" alt=\"\" width=\"2560\" height=\"1600\" srcset=\"https:\/\/glaserei-jonny-mueller.de\/wp-content\/uploads\/2021\/03\/AdobeStock_227916292-scaled.jpeg 2560w, https:\/\/glaserei-jonny-mueller.de\/wp-content\/uploads\/2021\/03\/AdobeStock_227916292-300x188.jpeg 300w, https:\/\/glaserei-jonny-mueller.de\/wp-content\/uploads\/2021\/03\/AdobeStock_227916292-1024x640.jpeg 1024w, https:\/\/glaserei-jonny-mueller.de\/wp-content\/uploads\/2021\/03\/AdobeStock_227916292-768x480.jpeg 768w, https:\/\/glaserei-jonny-mueller.de\/wp-content\/uploads\/2021\/03\/AdobeStock_227916292-1536x960.jpeg 1536w, https:\/\/glaserei-jonny-mueller.de\/wp-content\/uploads\/2021\/03\/AdobeStock_227916292-2048x1280.jpeg 2048w\" sizes=\"auto, (max-width: 2560px) 100vw, 2560px\" \/><\/p>\n<p>&nbsp;<\/p>\n","protected":false},"excerpt":{"rendered":"<p>Dachfl\u00e4chenfenster Behagliche Atmosph\u00e4re und ein besonderes Licht \u2026.wir sind Ihre kompetenten Ansprechpartner in Sachen Dachfenster aus Glas. Wir arbeiten seit Jahren vertrauensvoll mit der Firma VELUX zusammen. &nbsp;<\/p>\n","protected":false},"author":1,"featured_media":0,"parent":0,"menu_order":0,"comment_status":"closed","ping_status":"closed","template":"","meta":{"footnotes":""},"class_list":["post-690","page","type-page","status-publish"],"yoast_head":"<!-- This site is optimized with the Yoast SEO plugin v26.8 - https:\/\/yoast.com\/product\/yoast-seo-wordpress\/ -->\n<title>Dachfl\u00e4chenfenster - Glaserei Jonny W. M\u00fcller GmbH<\/title>\n<meta name=\"robots\" content=\"index, follow, max-snippet:-1, max-image-preview:large, max-video-preview:-1\" \/>\n<link rel=\"canonical\" href=\"https:\/\/glaserei-jonny-mueller.de\/?page_id=690\" \/>\n<meta property=\"og:locale\" content=\"de_DE\" \/>\n<meta property=\"og:type\" content=\"article\" \/>\n<meta property=\"og:title\" content=\"Dachfl\u00e4chenfenster - Glaserei Jonny W. M\u00fcller GmbH\" \/>\n<meta property=\"og:description\" content=\"Dachfl\u00e4chenfenster Behagliche Atmosph\u00e4re und ein besonderes Licht \u2026.wir sind Ihre kompetenten Ansprechpartner in Sachen Dachfenster aus Glas. Wir arbeiten seit Jahren vertrauensvoll mit der Firma VELUX zusammen. &nbsp;\" \/>\n<meta property=\"og:url\" content=\"https:\/\/glaserei-jonny-mueller.de\/?page_id=690\" \/>\n<meta property=\"og:site_name\" content=\"Glaserei Jonny W. M\u00fcller GmbH\" \/>\n<meta property=\"article:modified_time\" content=\"2021-03-25T08:56:57+00:00\" \/>\n<meta property=\"og:image\" content=\"https:\/\/glaserei-jonny-mueller.de\/wp-content\/uploads\/2021\/03\/AdobeStock_227916292-scaled.jpeg\" \/>\n<meta name=\"twitter:card\" content=\"summary_large_image\" \/>\n<meta name=\"twitter:label1\" content=\"Gesch\u00e4tzte Lesezeit\" \/>\n\t<meta name=\"twitter:data1\" content=\"1\u00a0Minute\" \/>\n<script type=\"application\/ld+json\" class=\"yoast-schema-graph\">{\"@context\":\"https:\/\/schema.org\",\"@graph\":[{\"@type\":\"WebPage\",\"@id\":\"https:\/\/glaserei-jonny-mueller.de\/?page_id=690\",\"url\":\"https:\/\/glaserei-jonny-mueller.de\/?page_id=690\",\"name\":\"Dachfl\u00e4chenfenster - Glaserei Jonny W. M\u00fcller GmbH\",\"isPartOf\":{\"@id\":\"https:\/\/glaserei-jonny-mueller.de\/#website\"},\"primaryImageOfPage\":{\"@id\":\"https:\/\/glaserei-jonny-mueller.de\/?page_id=690#primaryimage\"},\"image\":{\"@id\":\"https:\/\/glaserei-jonny-mueller.de\/?page_id=690#primaryimage\"},\"thumbnailUrl\":\"https:\/\/glaserei-jonny-mueller.de\/wp-content\/uploads\/2021\/03\/AdobeStock_227916292-scaled.jpeg\",\"datePublished\":\"2021-03-12T10:11:36+00:00\",\"dateModified\":\"2021-03-25T08:56:57+00:00\",\"breadcrumb\":{\"@id\":\"https:\/\/glaserei-jonny-mueller.de\/?page_id=690#breadcrumb\"},\"inLanguage\":\"de\",\"potentialAction\":[{\"@type\":\"ReadAction\",\"target\":[\"https:\/\/glaserei-jonny-mueller.de\/?page_id=690\"]}]},{\"@type\":\"ImageObject\",\"inLanguage\":\"de\",\"@id\":\"https:\/\/glaserei-jonny-mueller.de\/?page_id=690#primaryimage\",\"url\":\"https:\/\/glaserei-jonny-mueller.de\/wp-content\/uploads\/2021\/03\/AdobeStock_227916292-scaled.jpeg\",\"contentUrl\":\"https:\/\/glaserei-jonny-mueller.de\/wp-content\/uploads\/2021\/03\/AdobeStock_227916292-scaled.jpeg\",\"width\":2560,\"height\":1600},{\"@type\":\"BreadcrumbList\",\"@id\":\"https:\/\/glaserei-jonny-mueller.de\/?page_id=690#breadcrumb\",\"itemListElement\":[{\"@type\":\"ListItem\",\"position\":1,\"name\":\"Startseite\",\"item\":\"https:\/\/glaserei-jonny-mueller.de\/\"},{\"@type\":\"ListItem\",\"position\":2,\"name\":\"Dachfl\u00e4chenfenster\"}]},{\"@type\":\"WebSite\",\"@id\":\"https:\/\/glaserei-jonny-mueller.de\/#website\",\"url\":\"https:\/\/glaserei-jonny-mueller.de\/\",\"name\":\"Glaserei Jonny W. M\u00fcller GmbH\",\"description\":\"Ein Fall f\u00fcr Jonny\",\"publisher\":{\"@id\":\"https:\/\/glaserei-jonny-mueller.de\/#organization\"},\"potentialAction\":[{\"@type\":\"SearchAction\",\"target\":{\"@type\":\"EntryPoint\",\"urlTemplate\":\"https:\/\/glaserei-jonny-mueller.de\/?s={search_term_string}\"},\"query-input\":{\"@type\":\"PropertyValueSpecification\",\"valueRequired\":true,\"valueName\":\"search_term_string\"}}],\"inLanguage\":\"de\"},{\"@type\":\"Organization\",\"@id\":\"https:\/\/glaserei-jonny-mueller.de\/#organization\",\"name\":\"hanseatische baudienstleistungs GmbH\",\"url\":\"https:\/\/glaserei-jonny-mueller.de\/\",\"logo\":{\"@type\":\"ImageObject\",\"inLanguage\":\"de\",\"@id\":\"https:\/\/glaserei-jonny-mueller.de\/#\/schema\/logo\/image\/\",\"url\":\"\",\"contentUrl\":\"\",\"caption\":\"hanseatische baudienstleistungs GmbH\"},\"image\":{\"@id\":\"https:\/\/glaserei-jonny-mueller.de\/#\/schema\/logo\/image\/\"}}]}<\/script>\n<!-- \/ Yoast SEO plugin. -->","yoast_head_json":{"title":"Dachfl\u00e4chenfenster - Glaserei Jonny W. M\u00fcller GmbH","robots":{"index":"index","follow":"follow","max-snippet":"max-snippet:-1","max-image-preview":"max-image-preview:large","max-video-preview":"max-video-preview:-1"},"canonical":"https:\/\/glaserei-jonny-mueller.de\/?page_id=690","og_locale":"de_DE","og_type":"article","og_title":"Dachfl\u00e4chenfenster - Glaserei Jonny W. M\u00fcller GmbH","og_description":"Dachfl\u00e4chenfenster Behagliche Atmosph\u00e4re und ein besonderes Licht \u2026.wir sind Ihre kompetenten Ansprechpartner in Sachen Dachfenster aus Glas. Wir arbeiten seit Jahren vertrauensvoll mit der Firma VELUX zusammen. &nbsp;","og_url":"https:\/\/glaserei-jonny-mueller.de\/?page_id=690","og_site_name":"Glaserei Jonny W. M\u00fcller GmbH","article_modified_time":"2021-03-25T08:56:57+00:00","og_image":[{"url":"https:\/\/glaserei-jonny-mueller.de\/wp-content\/uploads\/2021\/03\/AdobeStock_227916292-scaled.jpeg","type":"","width":"","height":""}],"twitter_card":"summary_large_image","twitter_misc":{"Gesch\u00e4tzte Lesezeit":"1\u00a0Minute"},"schema":{"@context":"https:\/\/schema.org","@graph":[{"@type":"WebPage","@id":"https:\/\/glaserei-jonny-mueller.de\/?page_id=690","url":"https:\/\/glaserei-jonny-mueller.de\/?page_id=690","name":"Dachfl\u00e4chenfenster - Glaserei Jonny W. M\u00fcller GmbH","isPartOf":{"@id":"https:\/\/glaserei-jonny-mueller.de\/#website"},"primaryImageOfPage":{"@id":"https:\/\/glaserei-jonny-mueller.de\/?page_id=690#primaryimage"},"image":{"@id":"https:\/\/glaserei-jonny-mueller.de\/?page_id=690#primaryimage"},"thumbnailUrl":"https:\/\/glaserei-jonny-mueller.de\/wp-content\/uploads\/2021\/03\/AdobeStock_227916292-scaled.jpeg","datePublished":"2021-03-12T10:11:36+00:00","dateModified":"2021-03-25T08:56:57+00:00","breadcrumb":{"@id":"https:\/\/glaserei-jonny-mueller.de\/?page_id=690#breadcrumb"},"inLanguage":"de","potentialAction":[{"@type":"ReadAction","target":["https:\/\/glaserei-jonny-mueller.de\/?page_id=690"]}]},{"@type":"ImageObject","inLanguage":"de","@id":"https:\/\/glaserei-jonny-mueller.de\/?page_id=690#primaryimage","url":"https:\/\/glaserei-jonny-mueller.de\/wp-content\/uploads\/2021\/03\/AdobeStock_227916292-scaled.jpeg","contentUrl":"https:\/\/glaserei-jonny-mueller.de\/wp-content\/uploads\/2021\/03\/AdobeStock_227916292-scaled.jpeg","width":2560,"height":1600},{"@type":"BreadcrumbList","@id":"https:\/\/glaserei-jonny-mueller.de\/?page_id=690#breadcrumb","itemListElement":[{"@type":"ListItem","position":1,"name":"Startseite","item":"https:\/\/glaserei-jonny-mueller.de\/"},{"@type":"ListItem","position":2,"name":"Dachfl\u00e4chenfenster"}]},{"@type":"WebSite","@id":"https:\/\/glaserei-jonny-mueller.de\/#website","url":"https:\/\/glaserei-jonny-mueller.de\/","name":"Glaserei Jonny W. M\u00fcller GmbH","description":"Ein Fall f\u00fcr Jonny","publisher":{"@id":"https:\/\/glaserei-jonny-mueller.de\/#organization"},"potentialAction":[{"@type":"SearchAction","target":{"@type":"EntryPoint","urlTemplate":"https:\/\/glaserei-jonny-mueller.de\/?s={search_term_string}"},"query-input":{"@type":"PropertyValueSpecification","valueRequired":true,"valueName":"search_term_string"}}],"inLanguage":"de"},{"@type":"Organization","@id":"https:\/\/glaserei-jonny-mueller.de\/#organization","name":"hanseatische baudienstleistungs GmbH","url":"https:\/\/glaserei-jonny-mueller.de\/","logo":{"@type":"ImageObject","inLanguage":"de","@id":"https:\/\/glaserei-jonny-mueller.de\/#\/schema\/logo\/image\/","url":"","contentUrl":"","caption":"hanseatische baudienstleistungs GmbH"},"image":{"@id":"https:\/\/glaserei-jonny-mueller.de\/#\/schema\/logo\/image\/"}}]}},"_links":{"self":[{"href":"https:\/\/glaserei-jonny-mueller.de\/index.php?rest_route=\/wp\/v2\/pages\/690","targetHints":{"allow":["GET"]}}],"collection":[{"href":"https:\/\/glaserei-jonny-mueller.de\/index.php?rest_route=\/wp\/v2\/pages"}],"about":[{"href":"https:\/\/glaserei-jonny-mueller.de\/index.php?rest_route=\/wp\/v2\/types\/page"}],"author":[{"embeddable":true,"href":"https:\/\/glaserei-jonny-mueller.de\/index.php?rest_route=\/wp\/v2\/users\/1"}],"replies":[{"embeddable":true,"href":"https:\/\/glaserei-jonny-mueller.de\/index.php?rest_route=%2Fwp%2Fv2%2Fcomments&post=690"}],"version-history":[{"count":4,"href":"https:\/\/glaserei-jonny-mueller.de\/index.php?rest_route=\/wp\/v2\/pages\/690\/revisions"}],"predecessor-version":[{"id":750,"href":"https:\/\/glaserei-jonny-mueller.de\/index.php?rest_route=\/wp\/v2\/pages\/690\/revisions\/750"}],"wp:attachment":[{"href":"https:\/\/glaserei-jonny-mueller.de\/index.php?rest_route=%2Fwp%2Fv2%2Fmedia&parent=690"}],"curies":[{"name":"wp","href":"https:\/\/api.w.org\/{rel}","templated":true}]}}